{"id":3527,"date":"2025-11-15T15:28:24","date_gmt":"2025-11-15T14:28:24","guid":{"rendered":"https:\/\/fundacioantoniusmusa.com\/politica-de-privacidad\/"},"modified":"2025-11-15T15:28:24","modified_gmt":"2025-11-15T14:28:24","slug":"politica-de-privacidad","status":"publish","type":"page","link":"https:\/\/fundacioantoniusmusa.com\/es\/politica-de-privacidad\/","title":{"rendered":"Pol\u00edtica de privacidad"},"content":{"rendered":"\n<h2>Pol\u00edtica de privacidad<\/h2>\n<p>De acuerdo con las obligaciones previstas en la Ley 34\/2008, de servicios de la Sociedad de la Informaci\u00f3n y del comercio electr\u00f3nico (en adelante LSSIYCE), FUNDACI\u00d3N ANTONIUS MUSA manifiesta que es de su propiedad la FUNDACI\u00d3N ANTONIUS MUSA, con CIF G 55.753.842, y domicilio en Via de l&#8217;Imperi Rom\u00e0 11bis, 43003 (Tarragona), la web www.fundacioanoniusmusa.com<\/p>\n<p>FUNDACI\u00d3N ANTONIUS MUSA no puede asumir ninguna responsabilidad derivada del uso incorrecto, inapropiado o il\u00edcito de la informaci\u00f3n reflejada en su p\u00e1gina.<\/p>\n<p>Con los l\u00edmites establecidos en la ley, FUNDACI\u00d3N ANTONIUS MUSA no asume ninguna responsabilidad derivada de la falta de veracidad, integridad, actualizaci\u00f3n y precisi\u00f3n de los datos o informaciones contenidas en sus p\u00e1ginas de Internet. Los contenidos e informaci\u00f3n de las p\u00e1ginas de Internet del COLEGIO OFICIAL DE M\u00c9DICOS DE TARRAGONA est\u00e1n elaborados por profesionales debidamente cualificados para el ejercicio de su profesi\u00f3n. No obstante, el contenido e informaciones no vinculan a la mencionada, ni constituyen opiniones, consejos o asesoramiento legal de ning\u00fan tipo, pues se trata meramente de un servicio ofrecido con car\u00e1cter informativo y divulgativo.<\/p>\n<p>Las p\u00e1ginas de Internet de FUNDACI\u00d3N ANTONIUS MUSA pueden contener enlaces (links) a otras p\u00e1ginas de terceros. Por tanto, esta no puede asumir responsabilidades por el contenido que pueda aparecer en p\u00e1ginas de terceros. Los textos, im\u00e1genes, sonidos, animaciones, software y el resto de contenidos incluidos en este sitio web son propiedad exclusiva de las p\u00e1ginas de Internet de FUNDACI\u00d3N ANTONIUS MUSA pueden contener enlaces (links) a otras p\u00e1ginas de terceros. Por tanto, esta no puede asumir responsabilidades por el contenido que pueda aparecer en p\u00e1ginas de terceros. Los textos, im\u00e1genes, sonidos, animaciones, software y el resto de contenidos incluidos en este sitio web son propiedad exclusiva de FUNDACI\u00d3N ANTONIUS MUSA o sus licenciantes. Cualquier acto de transmisi\u00f3n, distribuci\u00f3n, cesi\u00f3n, reproducci\u00f3n, almacenamiento o comunicaci\u00f3n p\u00fablica total o parcial deber\u00e1 contar con el consentimiento expreso de FUNDACI\u00d3N ANTONIUS MUSA o sus licenciantes. Cualquier acto de transmisi\u00f3n, distribuci\u00f3n, cesi\u00f3n, reproducci\u00f3n, almacenamiento o comunicaci\u00f3n p\u00fablica total o parcial deber\u00e1 contar con el consentimiento expreso de FUNDACI\u00d3N ANTONIUS MUSA.<\/p>\n<p>Protecci\u00f3n de datos personales<\/p>\n<p>En virtud de la normativa de protecci\u00f3n de datos personales, por la presente se informa que los datos personales facilitados en los medios online ser\u00e1n incorporados y tratados en los ficheros responsabilidad de FUNDACI\u00d3N ANTONIUS MUSA.<\/p>\n<p>-Si estos datos son facilitados en los formularios de contacto, estos datos ser\u00e1n incorporados al fichero de Contactos, responsabilidad de esta entidad, para poder atender su petici\u00f3n o consulta. Estos datos no ser\u00e1n transmitidos y ser\u00e1n conservados hasta que se d\u00e9 respuesta a su consulta.<\/p>\n<p>-Si son tratados en nuestras redes sociales, de acuerdo con lo detallado anteriormente, estos ser\u00e1n incorporados en el fichero de Redes sociales y Marketing responsabilidad de esta entidad, con la finalidad de gestionar esta informaci\u00f3n y datos obtenidos de la interactuaci\u00f3n de los usuarios de estas redes con los perfiles\/p\u00e1gina de la entidad. Estos datos ser\u00e1n conservados siempre que se mantenga el inter\u00e9s leg\u00edtimo que permiti\u00f3 su tratamiento.<\/p>\n<p>En cualquier caso, podr\u00e1 indicar la revocaci\u00f3n del consentimiento otorgado, si esta fue la base que legitim\u00f3 el tratamiento o ejercitar los derechos previstos:<\/p>\n<p>De acceso: el interesado tiene derecho a saber si el responsable del tratamiento trata datos personales suyos y, si es as\u00ed, tiene derecho a acceder a estos datos y obtener la informaci\u00f3n al respecto de los tratamientos realizados.<br>Rectificaci\u00f3n: est\u00e1 vinculado al car\u00e1cter inexacto o incompleto de los datos. El interesado tiene derecho a rectificar sus datos personales inexactos y que se completen sus datos personales incompletos.<br>Supresi\u00f3n: el interesado tiene derecho a obtener la supresi\u00f3n de sus datos personales (\u00abderecho al olvido\u00bb), cuando estos ya no son necesarios para la finalidad para la cual se recogieron, se revoca el consentimiento en que se basaba el tratamiento, el interesado se opone al tratamiento, los datos se han tratado il\u00edcitamente, se han de suprimir para cumplir una obligaci\u00f3n legal o se han obtenido en relaci\u00f3n con la oferta de servicios de la sociedad de la informaci\u00f3n dirigida a menores.<br>Limitaci\u00f3n del tratamiento: es un derecho de la persona interesada consistente en marcar sus datos de car\u00e1cter personal conservados, con la finalidad de limitar el tratamiento en el futuro. La limitaci\u00f3n del tratamiento supone que, a petici\u00f3n de la persona interesada, sus datos personales se dejen de tratar.<br>Oposici\u00f3n: el interesado tiene derecho a oponerse al tratamiento<\/p>\n\n","protected":false},"excerpt":{"rendered":"","protected":false},"author":1,"featured_media":0,"parent":0,"menu_order":46,"comment_status":"closed","ping_status":"open","template":"","meta":{"footnotes":""},"class_list":["post-3527","page","type-page","status-publish","hentry"],"yoast_head":"<!-- This site is optimized with the Yoast SEO plugin v26.3 - https:\/\/yoast.com\/wordpress\/plugins\/seo\/ -->\n<title>Pol\u00edtica de privacidad - Fundaci\u00f3 Antonius Musa<\/title>\n<meta name=\"robots\" content=\"index, follow, max-snippet:-1, max-image-preview:large, max-video-preview:-1\" \/>\n<link rel=\"canonical\" href=\"https:\/\/fundacioantoniusmusa.com\/es\/politica-de-privacidad\/\" \/>\n<meta property=\"og:locale\" content=\"es_ES\" \/>\n<meta property=\"og:type\" content=\"article\" \/>\n<meta property=\"og:title\" content=\"Pol\u00edtica de privacidad - Fundaci\u00f3 Antonius Musa\" \/>\n<meta property=\"og:url\" content=\"https:\/\/fundacioantoniusmusa.com\/es\/politica-de-privacidad\/\" \/>\n<meta property=\"og:site_name\" content=\"Fundaci\u00f3 Antonius Musa\" \/>\n<meta name=\"twitter:card\" content=\"summary_large_image\" \/>\n<meta name=\"twitter:label1\" content=\"Tiempo de lectura\" \/>\n\t<meta name=\"twitter:data1\" content=\"4 minutos\" \/>\n<script type=\"application\/ld+json\" class=\"yoast-schema-graph\">{\"@context\":\"https:\/\/schema.org\",\"@graph\":[{\"@type\":\"WebPage\",\"@id\":\"https:\/\/fundacioantoniusmusa.com\/es\/politica-de-privacidad\/\",\"url\":\"https:\/\/fundacioantoniusmusa.com\/es\/politica-de-privacidad\/\",\"name\":\"Pol\u00edtica de privacidad - Fundaci\u00f3 Antonius Musa\",\"isPartOf\":{\"@id\":\"https:\/\/fundacioantoniusmusa.com\/es\/#website\"},\"datePublished\":\"2025-11-15T14:28:24+00:00\",\"breadcrumb\":{\"@id\":\"https:\/\/fundacioantoniusmusa.com\/es\/politica-de-privacidad\/#breadcrumb\"},\"inLanguage\":\"es\",\"potentialAction\":[{\"@type\":\"ReadAction\",\"target\":[\"https:\/\/fundacioantoniusmusa.com\/es\/politica-de-privacidad\/\"]}]},{\"@type\":\"BreadcrumbList\",\"@id\":\"https:\/\/fundacioantoniusmusa.com\/es\/politica-de-privacidad\/#breadcrumb\",\"itemListElement\":[{\"@type\":\"ListItem\",\"position\":1,\"name\":\"Inici\",\"item\":\"https:\/\/fundacioantoniusmusa.com\/es\/\"},{\"@type\":\"ListItem\",\"position\":2,\"name\":\"Pol\u00edtica de privacidad\"}]},{\"@type\":\"WebSite\",\"@id\":\"https:\/\/fundacioantoniusmusa.com\/es\/#website\",\"url\":\"https:\/\/fundacioantoniusmusa.com\/es\/\",\"name\":\"Fundaci\u00f3 Antonius Musa\",\"description\":\"\",\"potentialAction\":[{\"@type\":\"SearchAction\",\"target\":{\"@type\":\"EntryPoint\",\"urlTemplate\":\"https:\/\/fundacioantoniusmusa.com\/es\/?s={search_term_string}\"},\"query-input\":{\"@type\":\"PropertyValueSpecification\",\"valueRequired\":true,\"valueName\":\"search_term_string\"}}],\"inLanguage\":\"es\"}]}<\/script>\n<!-- \/ Yoast SEO plugin. -->","yoast_head_json":{"title":"Pol\u00edtica de privacidad - Fundaci\u00f3 Antonius Musa","robots":{"index":"index","follow":"follow","max-snippet":"max-snippet:-1","max-image-preview":"max-image-preview:large","max-video-preview":"max-video-preview:-1"},"canonical":"https:\/\/fundacioantoniusmusa.com\/es\/politica-de-privacidad\/","og_locale":"es_ES","og_type":"article","og_title":"Pol\u00edtica de privacidad - Fundaci\u00f3 Antonius Musa","og_url":"https:\/\/fundacioantoniusmusa.com\/es\/politica-de-privacidad\/","og_site_name":"Fundaci\u00f3 Antonius Musa","twitter_card":"summary_large_image","twitter_misc":{"Tiempo de lectura":"4 minutos"},"schema":{"@context":"https:\/\/schema.org","@graph":[{"@type":"WebPage","@id":"https:\/\/fundacioantoniusmusa.com\/es\/politica-de-privacidad\/","url":"https:\/\/fundacioantoniusmusa.com\/es\/politica-de-privacidad\/","name":"Pol\u00edtica de privacidad - Fundaci\u00f3 Antonius Musa","isPartOf":{"@id":"https:\/\/fundacioantoniusmusa.com\/es\/#website"},"datePublished":"2025-11-15T14:28:24+00:00","breadcrumb":{"@id":"https:\/\/fundacioantoniusmusa.com\/es\/politica-de-privacidad\/#breadcrumb"},"inLanguage":"es","potentialAction":[{"@type":"ReadAction","target":["https:\/\/fundacioantoniusmusa.com\/es\/politica-de-privacidad\/"]}]},{"@type":"BreadcrumbList","@id":"https:\/\/fundacioantoniusmusa.com\/es\/politica-de-privacidad\/#breadcrumb","itemListElement":[{"@type":"ListItem","position":1,"name":"Inici","item":"https:\/\/fundacioantoniusmusa.com\/es\/"},{"@type":"ListItem","position":2,"name":"Pol\u00edtica de privacidad"}]},{"@type":"WebSite","@id":"https:\/\/fundacioantoniusmusa.com\/es\/#website","url":"https:\/\/fundacioantoniusmusa.com\/es\/","name":"Fundaci\u00f3 Antonius Musa","description":"","potentialAction":[{"@type":"SearchAction","target":{"@type":"EntryPoint","urlTemplate":"https:\/\/fundacioantoniusmusa.com\/es\/?s={search_term_string}"},"query-input":{"@type":"PropertyValueSpecification","valueRequired":true,"valueName":"search_term_string"}}],"inLanguage":"es"}]}},"_links":{"self":[{"href":"https:\/\/fundacioantoniusmusa.com\/es\/wp-json\/wp\/v2\/pages\/3527","targetHints":{"allow":["GET"]}}],"collection":[{"href":"https:\/\/fundacioantoniusmusa.com\/es\/wp-json\/wp\/v2\/pages"}],"about":[{"href":"https:\/\/fundacioantoniusmusa.com\/es\/wp-json\/wp\/v2\/types\/page"}],"author":[{"embeddable":true,"href":"https:\/\/fundacioantoniusmusa.com\/es\/wp-json\/wp\/v2\/users\/1"}],"replies":[{"embeddable":true,"href":"https:\/\/fundacioantoniusmusa.com\/es\/wp-json\/wp\/v2\/comments?post=3527"}],"version-history":[{"count":1,"href":"https:\/\/fundacioantoniusmusa.com\/es\/wp-json\/wp\/v2\/pages\/3527\/revisions"}],"predecessor-version":[{"id":3528,"href":"https:\/\/fundacioantoniusmusa.com\/es\/wp-json\/wp\/v2\/pages\/3527\/revisions\/3528"}],"wp:attachment":[{"href":"https:\/\/fundacioantoniusmusa.com\/es\/wp-json\/wp\/v2\/media?parent=3527"}],"curies":[{"name":"wp","href":"https:\/\/api.w.org\/{rel}","templated":true}]}}